{"id":3,"date":"2021-03-30T21:20:45","date_gmt":"2021-03-30T19:20:45","guid":{"rendered":"http:\/\/ulmer-freidenker.de\/?page_id=3"},"modified":"2025-06-05T22:13:57","modified_gmt":"2025-06-05T20:13:57","slug":"privacy-policy","status":"publish","type":"page","link":"https:\/\/ulmer-freidenker.de\/?page_id=3","title":{"rendered":"Datenschutz"},"content":{"rendered":"\n<p><\/p>\n\n\n\n<p>Hinweis:<br>Die nachfolgenden Informationen gelten f\u00fcr s\u00e4mtliche Online-Angebote des Freidenkerinnen und Freidenker Ulm\/Neu-Ulm e.V.:<br>https:\/\/ulmer-freidenker.de<br>bluesky: https:\/\/bsky.app\/profile\/freidenker-innen.bsky.social<br>mastodon: https:\/\/mastodon.social\/@FreidenkerInnen_Ulm<br>Facebook: https:\/\/www.facebook.com\/profile.php?id=61573543984699<br>Instagram: https:\/\/www.instagram.com\/freidenker.innenulm\/<br>x: https:\/\/x.com\/FreidenkerInnen<br>Freidenkerinnen und Freidenker Ulm\/Neu-Ulm e.V. auf Twitter (@FreidenkerInnen) [wird nicht mehr gef\u00fchrt]<br>Freidenkerinnen und Freidenker Ulm\/Neu-Ulm e.V. auf youtube<br>Xing: https:\/\/www.xing.com\/pages\/freidenkerinnen-freidenker-ulm-neu-ulm-e-v <br>Linkedin: https:\/\/www.linkedin.com\/company\/104945441\/<\/p>\n\n\n\n<p><strong>Datenschutz in Kurzform<\/strong><\/p>\n\n\n\n<p><strong>Allgemeine Hinweise<\/strong><\/p>\n\n\n\n<p>Die folgenden Hinweise geben einen einfachen \u00dcberblick dar\u00fcber, was mit Ihren personenbezogenen Daten passiert, wenn Sie unsere Website besuchen. Personenbezogene Daten sind alle Daten, mit denen Sie pers\u00f6nlich identifiziert werden k\u00f6nnen. Ausf\u00fchrliche Informationen zum Thema Datenschutz entnehmen Sie bitte unserer Datenschutzerkl\u00e4rung im Abschnitt \u201eAllgemeine Hinweise und Pflichtinformationen\u201c.<\/p>\n\n\n\n<p><strong>Datenerfassung auf unseren Webseiten<\/strong><\/p>\n\n\n\n<p>Wer ist verantwortlich f\u00fcr die Datenerfassung auf dieser Website?<\/p>\n\n\n\n<p>Die Datenverarbeitung auf dieser Website erfolgt durch den Websitebetreiber. Dessen Kontaktdaten k\u00f6nnen Sie dem Impressum dieser Website entnehmen.<\/p>\n\n\n\n<p>Wie erfassen wir Ihre Daten?<\/p>\n\n\n\n<p>Ihre Daten werden zum einen dadurch erhoben, dass Sie uns diese mitteilen. Hierbei handelt es sich z.B. um Daten, die Sie in das Kontaktformular oder das Kommentarfeld eingeben. Andere Daten werden automatisch beim Besuch der Website durch unsere IT-Systeme erfasst. Das sind vor allem technische Daten (z.B. Internetbrowser, Betriebssystem oder Uhrzeit des Seitenaufrufs). Die Erfassung dieser Daten erfolgt automatisch, sobald Sie unsere Website betreten.<\/p>\n\n\n\n<p>Wof\u00fcr nutzen wir Ihre Daten?<\/p>\n\n\n\n<p>Ein Teil der Daten wird erhoben, um eine fehlerfreie Bereitstellung der Website zu gew\u00e4hrleisten. Andere Daten k\u00f6nnen zur Analyse Ihres Nutzerverhaltens verwendet werden.<\/p>\n\n\n\n<p>Welche Rechte haben Sie bez\u00fcglich Ihrer Daten?<\/p>\n\n\n\n<p>Sie haben jederzeit das Recht, unentgeltlich Auskunft \u00fcber Herkunft, Empf\u00e4nger und Zweck Ihrer gespeicherten personenbezogenen Daten zu erhalten. Sie haben au\u00dferdem das Recht, die Berichtigung, Sperrung oder L\u00f6schung dieser Daten zu verlangen. Hierzu sowie zu weiteren Fragen zum Thema Datenschutz k\u00f6nnen Sie sich jederzeit unter der im Impressum angegebenen Adresse an uns wenden.<\/p>\n\n\n\n<p>Des Weiteren steht Ihnen ein Beschwerderecht bei der zust\u00e4ndigen Aufsichtsbeh\u00f6rde zu. Au\u00dferdem haben Sie das Recht, unter bestimmten Umst\u00e4nden die Einschr\u00e4nkung der Verarbeitung Ihrer personenbezogenen Daten zu verlangen. Details hierzu entnehmen Sie der Datenschutzerkl\u00e4rung unter \u201eRecht auf Einschr\u00e4nkung der Verarbeitung\u201c.<\/p>\n\n\n\n<p>Analyse-Tools und Tools von Drittanbietern<\/p>\n\n\n\n<p>Beim Besuch unserer Website kann Ihr Surf-Verhalten statistisch ausgewertet werden. Das geschieht vor allem mit Cookies und mit sogenannten Analyseprogrammen. Die Analyse Ihres Surf-Verhaltens erfolgt in der Regel anonym; das Surf-Verhalten kann nicht zu Ihnen zur\u00fcckverfolgt werden. Sie k\u00f6nnen dieser Analyse widersprechen oder sie durch die (Nicht-) Benutzung bestimmter Tools verhindern. Detaillierte Informationen zu diesen Tools und Ihren Widerspruchsm\u00f6glichkeiten finden Sie in der folgenden Datenschutzerkl\u00e4rung.<\/p>\n\n\n\n<p><strong>Allgemeine Hinweise und Pflichtinformationen<\/strong><\/p>\n\n\n\n<p>Datenschutz<\/p>\n\n\n\n<p>Der Betreiber dieser Seiten, der Freidenkerinnen und Freidenker Ulm\/Neu-Ulm e.V., nimmt den Schutz Ihrer pers\u00f6nlichen Daten sehr ernst. Wir behandeln Ihre personenbezogenen Daten vertraulich und entsprechend der gesetzlichen Datenschutzvorschriften sowie dieser Datenschutzerkl\u00e4rung. Wenn Sie diese Website benutzen, werden verschiedene personenbezogene Daten erhoben. Personenbezogene Daten sind Daten, mit denen Sie pers\u00f6nlich identifiziert werden k\u00f6nnen. Die vorliegende Datenschutzerkl\u00e4rung erl\u00e4utert, welche Daten wir erheben und wof\u00fcr wir sie nutzen. Sie erl\u00e4utert auch, wie und zu welchem Zweck das geschieht.<\/p>\n\n\n\n<p>Kontaktaufnahme<\/p>\n\n\n\n<p>Bei der Kontaktaufnahme mit dem Freidenkerinnen und Freidenker Ulm\/Neu-Ulm e.V. (zum Beispiel per Kontaktformular oder E-Mail) werden die Angaben des Nutzers nur zum Zweck der Bearbeitung der Anfrage erhoben, gespeichert und genutzt. Diese Daten geben wir nicht an Dritte weiter. Rechtsgrundlage f\u00fcr die Verarbeitung der Daten ist unser berechtigtes Interesse an der Beantwortung Ihres Anliegens gem\u00e4\u00df Art. 6 Abs. 1 lit. f DSGVO.<\/p>\n\n\n\n<p>Wir weisen darauf hin, dass die Daten\u00fcbertragung im Internet (z.B. bei der Kommunikation per E-Mail) Sicherheitsl\u00fccken aufweisen kann. Ein l\u00fcckenloser Schutz der Daten vor dem Zugriff durch Dritte ist nicht in jedem Fall gew\u00e4hrleistet.<\/p>\n\n\n\n<p><strong>Hinweis zur verantwortlichen Stelle<\/strong><\/p>\n\n\n\n<p>Die verantwortliche Stelle f\u00fcr die Datenverarbeitung auf dieser Website ist:<\/p>\n\n\n\n<p>Freidenkerinnen und Freidenker Ulm\/Neu-Ulm e.V.<br>Postfach 1667, 89006 Ulm<br>E-Mail: <a href=\"mailto:info@ulmer-freidenker.de\" target=\"_blank\" rel=\"noreferrer noopener\">info [at] ulmer-freidenker [dot] de<\/a><br>V.i.S.d.P. Johannes Glembek, Vorsitzender<br>E-Mail: <a href=\"mailto:vorsitz@ulmer-freidenker.de\" target=\"_blank\" rel=\"noreferrer noopener\">vorsitz [at] ulmer-freidenker [dot] de<\/a><\/p>\n\n\n\n<p>Verantwortliche Stelle ist die nat\u00fcrliche oder juristische Person, die allein oder gemeinsam mit anderen \u00fcber die Zwecke und Mittel der Verarbeitung von personenbezogenen Daten (z.B. Namen, E-Mail-Adressen o.\u00c4.) entscheidet. Der Freidenkerinnen und Freidenker Ulm\/Neu-Ulm e.V. ist Verantwortlicher f\u00fcr diese Website im Sinne des Art. 4 Abs. 7 DSGVO.<\/p>\n\n\n\n<p><strong>Ihre wichtigsten Rechte zum Datenschutz<\/strong><\/p>\n\n\n\n<p>Ihnen stehen Betroffenenrechte zu, d.h. Rechte, die Sie als im Einzelfall betroffene Person aus\u00fcben k\u00f6nnen. Sie ergeben sich aus der DSGVO:<\/p>\n\n\n\n<p>&nbsp;&nbsp;&nbsp; Recht auf Auskunft (Art. 15 DSGVO): Sie haben das Recht auf unentgeltliche Auskunft \u00fcber die Sie betreffenden gespeicherten personenbezogenen Daten.<\/p>\n\n\n\n<p>&nbsp;&nbsp;&nbsp; Recht auf Berichtigung (Art. 16 DSGVO): Wenn Sie feststellen, dass unrichtige Daten zu Ihrer Person verarbeitet werden, k\u00f6nnen Sie Berichtigung verlangen. Unvollst\u00e4ndige Daten m\u00fcssen unter Ber\u00fccksichtigung des Zwecks der Verarbeitung vervollst\u00e4ndigt werden.<\/p>\n\n\n\n<p>&nbsp;&nbsp;&nbsp; Recht auf L\u00f6schung (Art. 17 DSGVO): Sie haben das Recht, die L\u00f6schung Ihrer Daten zu verlangen, wenn bestimmte L\u00f6schgr\u00fcnde vorliegen. Dies ist insbesondere der Fall, wenn diese zu dem Zweck, zu dem sie urspr\u00fcnglich erhoben oder verarbeitet wurden, nicht mehr erforderlich sind.<\/p>\n\n\n\n<p>&nbsp;&nbsp;&nbsp; Widerspruchsrecht (Art. 21 DSGVO): Wenn wir im Rahmen einer Interessenabw\u00e4gung Ihre personenbezogenen Daten aufgrund unseres \u00fcberwiegenden berechtigten Interesses verarbeiten, haben Sie das jederzeitige Recht, aus Gr\u00fcnden, die sich aus Ihrer besonderen Situation ergeben, gegen diese Verarbeitung Widerspruch mit Wirkung f\u00fcr die Zukunft einzulegen. Machen Sie von Ihrem Widerspruchsrecht Gebrauch, beenden wir grunds\u00e4tzlich die Verarbeitung der betroffenen Daten.<\/p>\n\n\n\n<p>&nbsp;&nbsp;&nbsp; Ihnen stehen dar\u00fcber hinaus weitere Rechte der betroffenen Person, insbesondere das Recht auf Einschr\u00e4nkung der Datenverarbeitung, Widerspruch und Daten\u00fcbertragbarkeit zu (entsprechend den Vorgaben in Art. 12 \u2013 23 DSGVO).<\/p>\n\n\n\n<p>Zur Wahrnehmung Ihrer Rechte wenden Sie sich an den Freidenkerinnen und Freidenker Ulm\/Neu-Ulm e.V. unter socialmedia@ulmer-freidenker.de.<\/p>\n\n\n\n<p>Sollten Sie Fragen bez\u00fcglich der Verarbeitung Ihrer personenbezogenen Daten durch den Freidenkerinnen und Freidenker Ulm\/Neu-Ulm e.V. oder zum Datenschutz haben, k\u00f6nnen Sie sich ebenfalls direkt \u00fcber die im Impressum ver\u00f6ffentlichten Kontaktwege mit uns in Verbindung setzen.<\/p>\n\n\n\n<p><strong>Beschwerderecht bei der zust\u00e4ndigen Aufsichtsbeh\u00f6rde<\/strong><\/p>\n\n\n\n<p>Wenn Sie der Ansicht sind, dass die Verarbeitung Ihrer Daten datenschutzrechtlich nicht zul\u00e4ssig ist, k\u00f6nnen Sie Beschwerde bei der zust\u00e4ndigen Aufsichtsbeh\u00f6rde einlegen. Im Falle von Verst\u00f6\u00dfen gegen die DSGVO steht den Betroffenen ein Beschwerderecht bei einer Aufsichtsbeh\u00f6rde, insbesondere in dem Mitgliedstaat Ihres gew\u00f6hnlichen Aufenthalts, Ihres Arbeitsplatzes oder des Orts des mutma\u00dflichen Versto\u00dfes zu. Die Beschwerde bei der Aufsichtsbeh\u00f6rde kann formlos erfolgen. Das Beschwerderecht besteht unbeschadet anderweitiger verwaltungsrechtlicher oder gerichtlicher Rechtsbehelfe.<\/p>\n\n\n\n<p><strong>Recht auf Daten\u00fcbertragbarkeit<\/strong><\/p>\n\n\n\n<p>Sie haben das Recht, an sich selbst oder einen Dritten Daten, die wir auf Grundlage Ihrer Einwilligung oder in Erf\u00fcllung eines Vertrags automatisiert verarbeiten, in einem g\u00e4ngigen, maschinenlesbaren Format aush\u00e4ndigen zu lassen. Sofern Sie die direkte \u00dcbertragung der Daten an einen anderen Verantwortlichen verlangen, erfolgt dies nur, soweit es technisch machbar ist.<\/p>\n\n\n\n<p><strong>TLS-Verschl\u00fcsselung<\/strong><\/p>\n\n\n\n<p>Diese Seite nutzt aus Sicherheitsgr\u00fcnden und zum Schutz der \u00dcbertragung vertraulicher Inhalte, wie z.B. Anfragen, die Sie an uns als Seitenbetreiber senden, eine TLS-Verschl\u00fcsselung. Eine verschl\u00fcsselte Verbindung erkennen Sie daran, dass die Adresszeile des Browsers von http:\/\/ auf https:\/\/ wechselt, und an dem Schloss-Symbol in Ihrer Browserzeile. Dadurch k\u00f6nnen die Daten, die Sie an uns \u00fcbermitteln, nicht von Dritten mitgelesen werden. Au\u00dferdem ist die Manipulation unserer Seiteninhalte durch unbefugte Dritte nahezu ausgeschlossen.<\/p>\n\n\n\n<p><strong>Recht auf Einschr\u00e4nkung der Verarbeitung<\/strong><\/p>\n\n\n\n<p>Sie haben das Recht, die Einschr\u00e4nkung der Verarbeitung Ihrer personenbezogenen Daten zu verlangen. Hierzu k\u00f6nnen Sie sich jederzeit unter der im Impressum angegebenen Adresse an uns wenden.<\/p>\n\n\n\n<p><strong>Das Recht auf Einschr\u00e4nkung der Verarbeitung besteht in folgenden F\u00e4llen:<\/strong><\/p>\n\n\n\n<p>&nbsp;&nbsp;&nbsp; Wenn Sie die Richtigkeit Ihrer bei uns gespeicherten personenbezogenen Daten bestreiten, ben\u00f6tigen wir in der Regel Zeit, um dies zu \u00fcberpr\u00fcfen. F\u00fcr die Dauer der Pr\u00fcfung haben Sie das Recht, die Einschr\u00e4nkung der Verarbeitung Ihrer personenbezogenen Daten zu verlangen.<\/p>\n\n\n\n<p>&nbsp;&nbsp;&nbsp; Wenn die Verarbeitung Ihrer personenbezogenen Daten unrechtm\u00e4\u00dfig geschah\/geschieht, k\u00f6nnen Sie statt der L\u00f6schung die Einschr\u00e4nkung der Datenverarbeitung verlangen.<\/p>\n\n\n\n<p>&nbsp;&nbsp;&nbsp; Wenn wir Ihre personenbezogenen Daten nicht mehr ben\u00f6tigen, Sie sie jedoch zur Aus\u00fcbung, Verteidigung oder Geltendmachung von Rechtsanspr\u00fcchen ben\u00f6tigen, haben Sie das Recht, statt der L\u00f6schung die Einschr\u00e4nkung der Verarbeitung Ihrer personenbezogenen Daten zu verlangen.<\/p>\n\n\n\n<p>&nbsp;&nbsp;&nbsp; Wenn Sie einen Widerspruch nach Art. 21 Abs. 1 DSGVO eingelegt haben, muss eine Abw\u00e4gung zwischen Ihren und unseren Interessen vorgenommen werden. Solange noch nicht feststeht, wessen Interessen \u00fcberwiegen, haben Sie das Recht, die Einschr\u00e4nkung der Verarbeitung Ihrer personenbezogenen Daten zu verlangen.<\/p>\n\n\n\n<p>Wenn Sie die Verarbeitung Ihrer personenbezogenen Daten eingeschr\u00e4nkt haben, d\u00fcrfen diese Daten \u2013 von ihrer Speicherung abgesehen \u2013 nur mit Ihrer Einwilligung oder zur Geltendmachung, Aus\u00fcbung oder Verteidigung von Rechtsanspr\u00fcchen oder zum Schutz der Rechte einer anderen nat\u00fcrlichen oder juristischen Person oder aus Gr\u00fcnden eines wichtigen \u00f6ffentlichen Interesses der Europ\u00e4ischen Union oder eines Mitgliedstaats verarbeitet werden.<\/p>\n\n\n\n<p><strong>Datenerfassung auf unserer Website<\/strong><\/p>\n\n\n\n<p>Cookies<\/p>\n\n\n\n<p>Internetseiten verwenden teilweise so genannte Cookies. Cookies richten auf Ihrem Rechner keinen Schaden an und enthalten keine Viren. Cookies dienen dazu, unser Angebot nutzerfreundlicher, effektiver und sicherer zu machen. Dar\u00fcber hinaus bieten sie dem Websiteanbieter die M\u00f6glichkeit, statistische Daten der Webseitennutzung zu erfassen und sie zwecks Verbesserung des Angebotes zu analysieren. Cookies sind kleine Textdateien, die auf Ihrem Rechner abgelegt werden und die Ihr Browser speichert. Auf der Website des Freidenkerinnen und Freidenker Ulm\/Neu-Ulm e.V. kommen so genannte \u201eSession-Cookies\u201c zum Einsatz. Sie werden nach Ende Ihres Besuchs automatisch gel\u00f6scht.<\/p>\n\n\n\n<p>Andere Cookies bleiben auf Ihrem Endger\u00e4t gespeichert, bis Sie diese l\u00f6schen. Diese Cookies erm\u00f6glichen es uns, Ihren Browser beim n\u00e4chsten Besuch wiederzuerkennen. Sie k\u00f6nnen Ihren Browser so einstellen, dass Sie \u00fcber das Setzen von Cookies informiert werden und Cookies nur im Einzelfall erlauben, die Annahme von Cookies f\u00fcr bestimmte F\u00e4lle oder generell ausschlie\u00dfen sowie das automatische L\u00f6schen der Cookies beim Schlie\u00dfen des Browsers aktivieren. Bei der Deaktivierung von Cookies kann die Funktionalit\u00e4t dieser Website eingeschr\u00e4nkt sein. Cookies, die zur Durchf\u00fchrung des elektronischen Kommunikationsvorgangs oder zur Bereitstellung bestimmter, von Ihnen erw\u00fcnschter Funktionen erforderlich sind, werden auf Grundlage von Art. 6 Abs. 1 lit. f DSGVO gespeichert. Der Websitebetreiber hat ein berechtigtes Interesse an der Speicherung von Cookies zur technisch fehlerfreien und optimierten Bereitstellung seiner Dienste. Soweit andere Cookies (z.B. Cookies zur Analyse Ihres Surfverhaltens) gespeichert werden, werden diese in dieser Datenschutzerkl\u00e4rung gesondert behandelt.<\/p>\n\n\n\n<p>Weitere Informationen finden Sie unter: Cookie Policy<\/p>\n\n\n\n<p><strong>Zugriffsdaten<\/strong><\/p>\n\n\n\n<p>Der Provider der Seiten erhebt und speichert automatisch Informationen in so genannten Server-Log-Dateien, die Ihr Browser automatisch an uns \u00fcbermittelt. Dies sind:<\/p>\n\n\n\n<p>&nbsp;&nbsp;&nbsp; Name der abgerufenen Website\/Datei<\/p>\n\n\n\n<p>&nbsp;&nbsp;&nbsp; Browsertyp und -version<\/p>\n\n\n\n<p>&nbsp;&nbsp;&nbsp; vom Nutzer verwendetes Betriebssystem<\/p>\n\n\n\n<p>&nbsp;&nbsp;&nbsp; Referrer-URL<\/p>\n\n\n\n<p>&nbsp;&nbsp;&nbsp; Datum und Uhrzeit der Serveranfrage<\/p>\n\n\n\n<p>&nbsp;&nbsp;&nbsp; \u00fcbertragene Datenmenge<\/p>\n\n\n\n<p>&nbsp;&nbsp;&nbsp; anonymisierte IP-Adresse<\/p>\n\n\n\n<p>Eine Zusammenf\u00fchrung dieser Daten mit anderen Datenquellen wird nicht vorgenommen. Die Erfassung dieser Daten erfolgt auf Grundlage von Art. 6 Abs. 1 lit. f DSGVO. Der Websitebetreiber hat ein berechtigtes Interesse an der technisch fehlerfreien Darstellung und der Optimierung seiner Website \u2013 hierzu m\u00fcssen die Server-Log-Files erfasst werden.<\/p>\n\n\n\n<p>Der Freidenkerinnen und Freidenker Ulm\/Neu-Ulm e.V. verwendet die Protokolldaten nur f\u00fcr statistische Auswertungen zum Zweck des Betriebs, der Sicherheit und der Optimierung des Angebots. Der Freidenkerinnen und Freidenker Ulm\/Neu-Ulm e.V. beh\u00e4lt sich jedoch vor, die Protokolldaten nachtr\u00e4glich zu \u00fcberpr\u00fcfen, wenn aufgrund konkreter Anhaltspunkte der berechtigte Verdacht einer rechtswidrigen Nutzung besteht.<\/p>\n\n\n\n<p>Kontaktformular<\/p>\n\n\n\n<p>Wenn Sie uns per Kontaktformular Anfragen, zukommen lassen, werden Ihre Angaben aus dem Anfrageformular inklusive der von Ihnen dort angegebenen Kontaktdaten zwecks Bearbeitung der Anfrage und f\u00fcr den Fall von Anschlussfragen bei uns gespeichert. Diese Daten geben wir nicht ohne Ihre Einwilligung weiter. Die Verarbeitung der in das Kontaktformular eingegebenen Daten erfolgt somit ausschlie\u00dflich auf Grundlage Ihrer Einwilligung (Art. 6 Abs. 1 lit. a DSGVO). Sie k\u00f6nnen diese Einwilligung jederzeit widerrufen. Dazu reicht eine formlose Mitteilung per E-Mail an uns. Die Rechtm\u00e4\u00dfigkeit der bis zum Widerruf erfolgten Datenverarbeitungsvorg\u00e4nge bleibt vom Widerruf unber\u00fchrt. Die von Ihnen im Kontaktformular eingegebenen Daten verbleiben bei uns, bis Sie uns zur L\u00f6schung auffordern, Ihre Einwilligung zur Speicherung widerrufen oder der Zweck f\u00fcr die Datenspeicherung entf\u00e4llt (z.B. nach abgeschlossener Bearbeitung Ihrer Anfrage). Zwingende gesetzliche Bestimmungen \u2013 insbesondere Aufbewahrungsfristen \u2013 bleiben unber\u00fchrt.<\/p>\n\n\n\n<p>Anfrage per E-Mail, Telefon oder Telefax<\/p>\n\n\n\n<p>Wenn Sie uns per E-Mail, Telefon oder Telefax kontaktieren, wird Ihre Anfrage inklusive aller daraus hervorgehenden personenbezogenen Daten (Name, Anfrage) zum Zwecke der Bearbeitung Ihres Anliegens bei uns gespeichert und verarbeitet. Diese Daten geben wir nicht ohne Ihre Einwilligung weiter. Die Verarbeitung dieser Daten erfolgt auf Grundlage von Art. 6 Abs. 1 lit. b DSGVO, sofern Ihre Anfrage mit der Erf\u00fcllung eines Vertrags zusammenh\u00e4ngt oder zur Durchf\u00fchrung vorvertraglicher Ma\u00dfnahmen erforderlich ist. In allen \u00fcbrigen F\u00e4llen beruht die Verarbeitung auf Ihrer Einwilligung (Art. 6 Abs. 1 lit. a DSGVO) und\/oder auf unseren berechtigten Interessen (Art. 6 Abs. 1 lit. f DSGVO), da wir ein berechtigtes Interesse an der effektiven Bearbeitung der an uns gerichteten Anfragen haben.<\/p>\n\n\n\n<p>Die von Ihnen an uns per Kontaktanfragen \u00fcbersandten Daten verbleiben bei uns, bis Sie uns zur L\u00f6schung auffordern, Ihre Einwilligung zur Speicherung widerrufen oder der Zweck f\u00fcr die Datenspeicherung entf\u00e4llt (z.B. nach abgeschlossener Bearbeitung Ihres Anliegens). Zwingende gesetzliche Bestimmungen \u2013 insbesondere gesetzliche Aufbewahrungsfristen \u2013 bleiben unber\u00fchrt.<\/p>\n\n\n\n<p>Kommentarfunktion auf dieser Website<\/p>\n\n\n\n<p>F\u00fcr die Kommentarfunktion auf dieser Seite werden neben Ihrem Kommentar auch Angaben zum Zeitpunkt der Erstellung des Kommentars, Ihre E-Mail-Adresse und, wenn Sie nicht anonym posten, der von Ihnen gew\u00e4hlte Nutzername gespeichert.<\/p>\n\n\n\n<p>Speicherung der IP-Adresse<\/p>\n\n\n\n<p>Unsere Kommentarfunktion speichert die IP-Adressen der Nutzer, die Kommentare verfassen. Da wir Kommentare auf unserer Seite nicht vor der Freischaltung pr\u00fcfen, ben\u00f6tigen wir diese Daten, um im Falle von Rechtsverletzungen wie Beleidigungen oder Propaganda gegen den Verfasser vorgehen zu k\u00f6nnen.<\/p>\n\n\n\n<p>Speicherdauer der Kommentare<\/p>\n\n\n\n<p>Die Kommentare und die damit verbundenen Daten (z.B. IP-Adresse) werden gespeichert und verbleiben auf unserer Website, bis der kommentierte Inhalt vollst\u00e4ndig gel\u00f6scht wurde oder die Kommentare aus rechtlichen Gr\u00fcnden gel\u00f6scht werden m\u00fcssen (z.B. beleidigende Kommentare).<\/p>\n\n\n\n<p>Rechtsgrundlage<\/p>\n\n\n\n<p>Die Speicherung der Kommentare erfolgt auf Grundlage Ihrer Einwilligung (Art. 6 Abs. 1 lit. a DSGVO). Sie k\u00f6nnen eine von Ihnen erteilte Einwilligung jederzeit widerrufen. Dazu reicht eine formlose Mitteilung per E-Mail an uns. Die Rechtm\u00e4\u00dfigkeit der bereits erfolgten Datenverarbeitungsvorg\u00e4nge bleibt vom Widerruf unber\u00fchrt.<\/p>\n\n\n\n<p>Beitragsfunktion auf dieser Website<\/p>\n\n\n\n<p>Wenn Sie eigene Inhalte und Bilddateien \u00fcber die Beitragsfunktion dieser Website (sofern vorhanden) einstellen, erkl\u00e4ren Sie sich mit der Ver\u00f6ffentlichung und ggf. redaktioneller Bearbeitung einverstanden. Weiterhin beh\u00e4lt sich der Freidenkerinnen und Freidenker Ulm\/Neu-Ulm e.V. vor, die ver\u00f6ffentlichten Inhalte (Bild und\/oder Text) f\u00fcr Publikationen und Pr\u00e4sentationen zu verwenden. F\u00fcr Ver\u00f6ffentlichungen eigener Beitr\u00e4ge gelten zudem entsprechend die Bedingungen f\u00fcr Kommentare (s.o.).<\/p>\n\n\n\n<p><strong>Social Media<\/strong><\/p>\n\n\n\n<p>Allgemeines zu unseren Social-Media-Angeboten<\/p>\n\n\n\n<p>Auf einigen unserer Webseiten finden Sie Verlinkungen zu Facebook-Fanpages, Twitter u.a. Social-Media-Plattformen. Facebook bietet den Betreibern von Fanpages eine Plattform, auf der die Analyse des Nutzungsverhaltens angemeldeter und nicht-angemeldeter Nutzer erm\u00f6glicht wird. Detaillierte Statistikinformationen werden kostenfrei mit Hilfe des Werkzeuges \u201eInsights\u201c (Reichweitenanalyse, Analye und Report der Nutzung einer oder mehrerer Websites und des Verhaltens ihrer Besucher) bereitgestellt. Die Statistiken beziehen sich auf authentifizierte Nutzer und die ihnen zugeordneten Facebookseiten und sind von Administratoren mit Facebook-Konto abrufbar (Statistiken \u00fcber: Angaben Nutzerzuwachs, Demographie, Nutzung und Erstellung von Inhalten, Nutzeraktivit\u00e4t, Alter und Geschlecht, geographische Daten, Seitenaufrufe einmalig\/mehrmalig, Medienkonsum Video\/Audio\/Foto, Abmeldungen). Nach \u00dcberschreiten einer gewissen Quantit\u00e4t an Page Impressions (Aufrufe) wird die qualifizierte Analyse der Nutzung zur Verf\u00fcgung gestellt. Diese Funktion ist derzeit nicht abschaltbar und kann nicht abbestellt werden.<\/p>\n\n\n\n<p>Einsatz von Social Plugins<\/p>\n\n\n\n<p>Auf unseren Facebook-Fanpages (Profilseiten bei Facebook) und unseren Websites sind so genannte \u201eSocial Plugins\u201c wie z.B. der \u201eGef\u00e4llt-mir-Button\u201c des sozialen Netzwerks facebook.com, welches von Facebook Inc., 1601 S. California Ave, Palo Alto, CA 94304, USA, betrieben wird, und Plugins von WhatsApp und Twitter eingebunden. Rufen Sie eine Fanpage oder Website, die ein solches Plugin enth\u00e4lt, auf, werden Informationen durch den unmittelbaren Verbindungsaufbau Ihres Browsers mit den Servern des jeweiligen Anbieters \u00fcbertragen und Ihrem Nutzerkonto zugeordnet. Eine \u00dcbertragung und Speicherung erfolgt unabh\u00e4ngig von der Registrierung bei diesen Diensten. Wir haben keinen Einfluss auf den Umfang der \u00fcbermittelten Daten, bzw. f\u00fcr welche Zwecke diese verwendet werden.<\/p>\n\n\n\n<p>Zu Details zum Umgang mit Ihren Daten durch Facebook und Twitter sowie zu Ihren Rechten und Einstellungsm\u00f6glichkeiten informieren Sie sich bitte in den Datenschutzhinweisen des jeweiligen Anbieters. F\u00fcr Webbrowser gibt es wirkungsvolle kostenfreie Add-ons, die die Social-Media-Plugins z.T. blockieren.<\/p>\n\n\n\n<p><a href=\"https:\/\/ulmer-freidenker.de\/wp-content\/uploads\/2023\/03\/DSGVO_2023.pdf\" target=\"_blank\" rel=\"noreferrer noopener\">weitere Hinweise\/Information zum Datenschutz (DSGVO) Mai 2018<\/a><\/p>\n","protected":false},"excerpt":{"rendered":"<p>Hinweis:Die nachfolgenden Informationen gelten f\u00fcr s\u00e4mtliche Online-Angebote des Freidenkerinnen und Freidenker Ulm\/Neu-Ulm e.V.:https:\/\/ulmer-freidenker.debluesky: https:\/\/bsky.app\/profile\/freidenker-innen.bsky.socialmastodon: https:\/\/mastodon.social\/@FreidenkerInnen_UlmFacebook: https:\/\/www.facebook.com\/profile.php?id=61573543984699Instagram: https:\/\/www.instagram.com\/freidenker.innenulm\/x: https:\/\/x.com\/FreidenkerInnenFreidenkerinnen und Freidenker<\/p>\n","protected":false},"author":1,"featured_media":0,"parent":0,"menu_order":9,"comment_status":"closed","ping_status":"open","template":"","meta":{"colormag_page_container_layout":"default_layout","colormag_page_sidebar_layout":"default_layout","footnotes":""},"class_list":["post-3","page","type-page","status-publish","hentry"],"_links":{"self":[{"href":"https:\/\/ulmer-freidenker.de\/index.php?rest_route=\/wp\/v2\/pages\/3","targetHints":{"allow":["GET"]}}],"collection":[{"href":"https:\/\/ulmer-freidenker.de\/index.php?rest_route=\/wp\/v2\/pages"}],"about":[{"href":"https:\/\/ulmer-freidenker.de\/index.php?rest_route=\/wp\/v2\/types\/page"}],"author":[{"embeddable":true,"href":"https:\/\/ulmer-freidenker.de\/index.php?rest_route=\/wp\/v2\/users\/1"}],"replies":[{"embeddable":true,"href":"https:\/\/ulmer-freidenker.de\/index.php?rest_route=%2Fwp%2Fv2%2Fcomments&post=3"}],"version-history":[{"count":5,"href":"https:\/\/ulmer-freidenker.de\/index.php?rest_route=\/wp\/v2\/pages\/3\/revisions"}],"predecessor-version":[{"id":959,"href":"https:\/\/ulmer-freidenker.de\/index.php?rest_route=\/wp\/v2\/pages\/3\/revisions\/959"}],"wp:attachment":[{"href":"https:\/\/ulmer-freidenker.de\/index.php?rest_route=%2Fwp%2Fv2%2Fmedia&parent=3"}],"curies":[{"name":"wp","href":"https:\/\/api.w.org\/{rel}","templated":true}]}}